{"id":14032,"date":"2025-09-18T16:37:50","date_gmt":"2025-09-18T21:37:50","guid":{"rendered":"https:\/\/www.pucp.edu.pe\/climadecambios\/la-pucp-camino-a-la-cop30\/formacion\/"},"modified":"2025-11-10T17:08:03","modified_gmt":"2025-11-10T22:08:03","slug":"formacion","status":"publish","type":"page","link":"https:\/\/www.pucp.edu.pe\/climadecambios\/la-pucp-camino-a-la-cop30\/formacion\/","title":{"rendered":"Formaci\u00f3n"},"content":{"rendered":"<p>El Modelo Educativo PUCP integra la sostenibilidad ambiental como un eje transversal en la formaci\u00f3n acad\u00e9mica, promoviendo que todas las carreras y especialidades consideren su v\u00ednculo y responsabilidad con el entorno como parte esencial de su quehacer. Ello se expresa en su segunda competencia gen\u00e9rica \u201c\u00c9tica, ciudadan\u00eda y conciencia ambiental\u201d y en el eje transversal \u201cRelaci\u00f3n con el entorno\u201d, desarrollando en los estudiantes una visi\u00f3n cr\u00edtica y comprometida frente a los problemas socioambientales globales y locales.<\/p>\n<p>Una acci\u00f3n concreta de este compromiso es el curso com\u00fan interdisciplinario \u201cSostenibilidad y medioambiente: el cuidado de nuestra casa com\u00fan\u201d, dirigido a Estudios Generales Letras y Estudios Generales Ciencias. Actualmente se encuentra en pilotaje y es una oportunidad \u00fanica de encuentro entre estas dos unidades acad\u00e9micas, reflejando los valores de la Universidad relacionados al respeto por la dignidad de la persona, la diversidad, la naturaleza y el ambiente; adem\u00e1s de promover la equidad, la innovaci\u00f3n y la conservaci\u00f3n del planeta.<\/p>\n","protected":false},"excerpt":{"rendered":"<p>El Modelo Educativo PUCP integra la sostenibilidad ambiental como un eje transversal en la formaci\u00f3n acad\u00e9mica, promoviendo que todas las carreras y especialidades consideren su v\u00ednculo y responsabilidad con el entorno como parte esencial de su quehacer. Ello se expresa en su segunda competencia gen\u00e9rica \u201c\u00c9tica, ciudadan\u00eda y conciencia ambiental\u201d y en el eje transversal [&hellip;]<\/p>\n","protected":false},"author":23,"featured_media":0,"parent":14031,"menu_order":0,"comment_status":"closed","ping_status":"closed","template":"","meta":{"_acf_changed":false,"footnotes":""},"class_list":["post-14032","page","type-page","status-publish","hentry"],"acf":[],"yoast_head":"<!-- This site is optimized with the Yoast SEO plugin v27.1.1 - https:\/\/yoast.com\/product\/yoast-seo-wordpress\/ -->\n<title>Formaci\u00f3n - Clima de cambios<\/title>\n<meta name=\"robots\" content=\"index, follow, max-snippet:-1, max-image-preview:large, max-video-preview:-1\" \/>\n<link rel=\"canonical\" href=\"https:\/\/www.pucp.edu.pe\/climadecambios\/la-pucp-camino-a-la-cop30\/formacion\/\" \/>\n<meta property=\"og:locale\" content=\"es_ES\" \/>\n<meta property=\"og:type\" content=\"article\" \/>\n<meta property=\"og:title\" content=\"Formaci\u00f3n - Clima de cambios\" \/>\n<meta property=\"og:description\" content=\"El Modelo Educativo PUCP integra la sostenibilidad ambiental como un eje transversal en la formaci\u00f3n acad\u00e9mica, promoviendo que todas las carreras y especialidades consideren su v\u00ednculo y responsabilidad con el entorno como parte esencial de su quehacer. Ello se expresa en su segunda competencia gen\u00e9rica \u201c\u00c9tica, ciudadan\u00eda y conciencia ambiental\u201d y en el eje transversal [&hellip;]\" \/>\n<meta property=\"og:url\" content=\"https:\/\/www.pucp.edu.pe\/climadecambios\/la-pucp-camino-a-la-cop30\/formacion\/\" \/>\n<meta property=\"og:site_name\" content=\"Clima de cambios\" \/>\n<meta property=\"article:modified_time\" content=\"2025-11-10T22:08:03+00:00\" \/>\n<meta name=\"twitter:label1\" content=\"Tiempo de lectura\" \/>\n\t<meta name=\"twitter:data1\" content=\"1 minuto\" \/>\n<script type=\"application\/ld+json\" class=\"yoast-schema-graph\">{\"@context\":\"https:\/\/schema.org\",\"@graph\":[{\"@type\":\"WebPage\",\"@id\":\"https:\/\/www.pucp.edu.pe\/climadecambios\/la-pucp-camino-a-la-cop30\/formacion\/\",\"url\":\"https:\/\/www.pucp.edu.pe\/climadecambios\/la-pucp-camino-a-la-cop30\/formacion\/\",\"name\":\"Formaci\u00f3n - Clima de cambios\",\"isPartOf\":{\"@id\":\"https:\/\/www.pucp.edu.pe\/climadecambios\/#website\"},\"datePublished\":\"2025-09-18T21:37:50+00:00\",\"dateModified\":\"2025-11-10T22:08:03+00:00\",\"breadcrumb\":{\"@id\":\"https:\/\/www.pucp.edu.pe\/climadecambios\/la-pucp-camino-a-la-cop30\/formacion\/#breadcrumb\"},\"inLanguage\":\"es\",\"potentialAction\":[{\"@type\":\"ReadAction\",\"target\":[\"https:\/\/www.pucp.edu.pe\/climadecambios\/la-pucp-camino-a-la-cop30\/formacion\/\"]}]},{\"@type\":\"BreadcrumbList\",\"@id\":\"https:\/\/www.pucp.edu.pe\/climadecambios\/la-pucp-camino-a-la-cop30\/formacion\/#breadcrumb\",\"itemListElement\":[{\"@type\":\"ListItem\",\"position\":1,\"name\":\"Home\",\"item\":\"https:\/\/www.pucp.edu.pe\/climadecambios\/\"},{\"@type\":\"ListItem\",\"position\":2,\"name\":\"La PUCP en la COP30\",\"item\":\"https:\/\/www.pucp.edu.pe\/climadecambios\/la-pucp-camino-a-la-cop30\/\"},{\"@type\":\"ListItem\",\"position\":3,\"name\":\"Formaci\u00f3n\"}]},{\"@type\":\"WebSite\",\"@id\":\"https:\/\/www.pucp.edu.pe\/climadecambios\/#website\",\"url\":\"https:\/\/www.pucp.edu.pe\/climadecambios\/\",\"name\":\"Clima de cambios\",\"description\":\"Clima de Cambios es una iniciativa medioambiental de la Pontificia Universidad Cat\u00f3lica del Per\u00fa para concientizar y sensibilizar a la ciudadan\u00eda sobre los efectos del cambio clim\u00e1tico en el Per\u00fa y el mundo.\",\"potentialAction\":[{\"@type\":\"SearchAction\",\"target\":{\"@type\":\"EntryPoint\",\"urlTemplate\":\"https:\/\/www.pucp.edu.pe\/climadecambios\/?s={search_term_string}\"},\"query-input\":{\"@type\":\"PropertyValueSpecification\",\"valueRequired\":true,\"valueName\":\"search_term_string\"}}],\"inLanguage\":\"es\"}]}<\/script>\n<!-- \/ Yoast SEO plugin. -->","yoast_head_json":{"title":"Formaci\u00f3n - Clima de cambios","robots":{"index":"index","follow":"follow","max-snippet":"max-snippet:-1","max-image-preview":"max-image-preview:large","max-video-preview":"max-video-preview:-1"},"canonical":"https:\/\/www.pucp.edu.pe\/climadecambios\/la-pucp-camino-a-la-cop30\/formacion\/","og_locale":"es_ES","og_type":"article","og_title":"Formaci\u00f3n - Clima de cambios","og_description":"El Modelo Educativo PUCP integra la sostenibilidad ambiental como un eje transversal en la formaci\u00f3n acad\u00e9mica, promoviendo que todas las carreras y especialidades consideren su v\u00ednculo y responsabilidad con el entorno como parte esencial de su quehacer. Ello se expresa en su segunda competencia gen\u00e9rica \u201c\u00c9tica, ciudadan\u00eda y conciencia ambiental\u201d y en el eje transversal [&hellip;]","og_url":"https:\/\/www.pucp.edu.pe\/climadecambios\/la-pucp-camino-a-la-cop30\/formacion\/","og_site_name":"Clima de cambios","article_modified_time":"2025-11-10T22:08:03+00:00","twitter_misc":{"Tiempo de lectura":"1 minuto"},"schema":{"@context":"https:\/\/schema.org","@graph":[{"@type":"WebPage","@id":"https:\/\/www.pucp.edu.pe\/climadecambios\/la-pucp-camino-a-la-cop30\/formacion\/","url":"https:\/\/www.pucp.edu.pe\/climadecambios\/la-pucp-camino-a-la-cop30\/formacion\/","name":"Formaci\u00f3n - Clima de cambios","isPartOf":{"@id":"https:\/\/www.pucp.edu.pe\/climadecambios\/#website"},"datePublished":"2025-09-18T21:37:50+00:00","dateModified":"2025-11-10T22:08:03+00:00","breadcrumb":{"@id":"https:\/\/www.pucp.edu.pe\/climadecambios\/la-pucp-camino-a-la-cop30\/formacion\/#breadcrumb"},"inLanguage":"es","potentialAction":[{"@type":"ReadAction","target":["https:\/\/www.pucp.edu.pe\/climadecambios\/la-pucp-camino-a-la-cop30\/formacion\/"]}]},{"@type":"BreadcrumbList","@id":"https:\/\/www.pucp.edu.pe\/climadecambios\/la-pucp-camino-a-la-cop30\/formacion\/#breadcrumb","itemListElement":[{"@type":"ListItem","position":1,"name":"Home","item":"https:\/\/www.pucp.edu.pe\/climadecambios\/"},{"@type":"ListItem","position":2,"name":"La PUCP en la COP30","item":"https:\/\/www.pucp.edu.pe\/climadecambios\/la-pucp-camino-a-la-cop30\/"},{"@type":"ListItem","position":3,"name":"Formaci\u00f3n"}]},{"@type":"WebSite","@id":"https:\/\/www.pucp.edu.pe\/climadecambios\/#website","url":"https:\/\/www.pucp.edu.pe\/climadecambios\/","name":"Clima de cambios","description":"Clima de Cambios es una iniciativa medioambiental de la Pontificia Universidad Cat\u00f3lica del Per\u00fa para concientizar y sensibilizar a la ciudadan\u00eda sobre los efectos del cambio clim\u00e1tico en el Per\u00fa y el mundo.","potentialAction":[{"@type":"SearchAction","target":{"@type":"EntryPoint","urlTemplate":"https:\/\/www.pucp.edu.pe\/climadecambios\/?s={search_term_string}"},"query-input":{"@type":"PropertyValueSpecification","valueRequired":true,"valueName":"search_term_string"}}],"inLanguage":"es"}]}},"_links":{"self":[{"href":"https:\/\/www.pucp.edu.pe\/climadecambios\/wp-json\/wp\/v2\/pages\/14032","targetHints":{"allow":["GET"]}}],"collection":[{"href":"https:\/\/www.pucp.edu.pe\/climadecambios\/wp-json\/wp\/v2\/pages"}],"about":[{"href":"https:\/\/www.pucp.edu.pe\/climadecambios\/wp-json\/wp\/v2\/types\/page"}],"author":[{"embeddable":true,"href":"https:\/\/www.pucp.edu.pe\/climadecambios\/wp-json\/wp\/v2\/users\/23"}],"replies":[{"embeddable":true,"href":"https:\/\/www.pucp.edu.pe\/climadecambios\/wp-json\/wp\/v2\/comments?post=14032"}],"version-history":[{"count":0,"href":"https:\/\/www.pucp.edu.pe\/climadecambios\/wp-json\/wp\/v2\/pages\/14032\/revisions"}],"up":[{"embeddable":true,"href":"https:\/\/www.pucp.edu.pe\/climadecambios\/wp-json\/wp\/v2\/pages\/14031"}],"wp:attachment":[{"href":"https:\/\/www.pucp.edu.pe\/climadecambios\/wp-json\/wp\/v2\/media?parent=14032"}],"curies":[{"name":"wp","href":"https:\/\/api.w.org\/{rel}","templated":true}]}}